{"version":"1.0","provider_name":"Fundaci\u00f3 Dr. Antoni Esteve","provider_url":"https:\/\/diarisanitat.cat\/fundacio-dr-antoni-esteve","author_name":"Pol Morales Vidal","author_url":"https:\/\/diarisanitat.cat\/fundacio-dr-antoni-esteve\/author\/polmoralesvidal\/","title":"Aquesta tardor, forma\u2019t online - Fundaci\u00f3 Dr. Antoni Esteve","type":"rich","width":600,"height":338,"html":"<blockquote class=\"wp-embedded-content\" data-secret=\"Fbq8FANsn9\"><a href=\"https:\/\/diarisanitat.cat\/fundacio-dr-antoni-esteve\/2020\/09\/16\/aquesta-tardor-format-online\/\">Aquesta tardor, forma\u2019t online<\/a><\/blockquote><iframe sandbox=\"allow-scripts\" security=\"restricted\" src=\"https:\/\/diarisanitat.cat\/fundacio-dr-antoni-esteve\/2020\/09\/16\/aquesta-tardor-format-online\/embed\/#?secret=Fbq8FANsn9\" width=\"600\" height=\"338\" title=\"&#8220;Aquesta tardor, forma\u2019t online&#8221; &#8212; Fundaci\u00f3 Dr. Antoni Esteve\" data-secret=\"Fbq8FANsn9\" frameborder=\"0\" marginwidth=\"0\" marginheight=\"0\" scrolling=\"no\" class=\"wp-embedded-content\"><\/iframe><script type=\"text\/javascript\">\n\/* <![CDATA[ *\/\n\/*! This file is auto-generated *\/\n!function(d,l){\"use strict\";l.querySelector&&d.addEventListener&&\"undefined\"!=typeof URL&&(d.wp=d.wp||{},d.wp.receiveEmbedMessage||(d.wp.receiveEmbedMessage=function(e){var t=e.data;if((t||t.secret||t.message||t.value)&&!\/[^a-zA-Z0-9]\/.test(t.secret)){for(var s,r,n,a=l.querySelectorAll('iframe[data-secret=\"'+t.secret+'\"]'),o=l.querySelectorAll('blockquote[data-secret=\"'+t.secret+'\"]'),c=new RegExp(\"^https?:$\",\"i\"),i=0;i<o.length;i++)o[i].style.display=\"none\";for(i=0;i<a.length;i++)s=a[i],e.source===s.contentWindow&&(s.removeAttribute(\"style\"),\"height\"===t.message?(1e3<(r=parseInt(t.value,10))?r=1e3:~~r<200&&(r=200),s.height=r):\"link\"===t.message&&(r=new URL(s.getAttribute(\"src\")),n=new URL(t.value),c.test(n.protocol))&&n.host===r.host&&l.activeElement===s&&(d.top.location.href=t.value))}},d.addEventListener(\"message\",d.wp.receiveEmbedMessage,!1),l.addEventListener(\"DOMContentLoaded\",function(){for(var e,t,s=l.querySelectorAll(\"iframe.wp-embedded-content\"),r=0;r<s.length;r++)(t=(e=s[r]).getAttribute(\"data-secret\"))||(t=Math.random().toString(36).substring(2,12),e.src+=\"#?secret=\"+t,e.setAttribute(\"data-secret\",t)),e.contentWindow.postMessage({message:\"ready\",secret:t},\"*\")},!1)))}(window,document);\n\/\/# sourceURL=https:\/\/diarisanitat.cat\/fundacio-dr-antoni-esteve\/wp-includes\/js\/wp-embed.min.js\n\/* ]]> *\/\n<\/script>\n","thumbnail_url":"https:\/\/diarisanitat.cat\/fundacio-dr-antoni-esteve\/wp-content\/uploads\/sites\/3\/2020\/09\/iStock-1140419533.jpg","thumbnail_width":2347,"thumbnail_height":1278,"description":"Aquest blog comen\u00e7ava amb la pand\u00e8mia i arrencava amb un primer article en qu\u00e8 destac\u00e0vem com la Fundaci\u00f3 Dr. Antoni Esteve s\u2019havia adequat a la nova situaci\u00f3. Com tantes altres institucions, calia fer front a una nova realitat en qu\u00e8 el distanciament social s\u2019ha hagut de pal\u00b7liar amb les noves tecnologies. Amb la incertesa del"}